{"id":19788,"date":"2023-06-26T12:28:00","date_gmt":"2023-06-26T10:28:00","guid":{"rendered":"https:\/\/cuevadenerja.es\/?page_id=19788"},"modified":"2024-03-20T12:47:24","modified_gmt":"2024-03-20T11:47:24","slug":"integritetspolicy","status":"publish","type":"page","link":"https:\/\/cuevadenerja.es\/sv\/integritetspolicy\/","title":{"rendered":"Integritetspolicy"},"content":{"rendered":"\t\t<div data-elementor-type=\"wp-page\" data-elementor-id=\"19788\" class=\"elementor elementor-19788 elementor-94\" data-elementor-post-type=\"page\">\n\t\t\t\t<div class=\"elementor-element elementor-element-03c418a e-flex e-con-boxed e-con e-parent\" data-id=\"03c418a\" data-element_type=\"container\" data-e-type=\"container\" data-settings=\"{&quot;background_background&quot;:&quot;classic&quot;}\">\n\t\t\t\t\t<div class=\"e-con-inner\">\n\t\t\t\t<div class=\"elementor-element elementor-element-481d337 elementor-widget elementor-widget-text-editor\" data-id=\"481d337\" data-element_type=\"widget\" data-e-type=\"widget\" data-widget_type=\"text-editor.default\">\n\t\t\t\t<div class=\"elementor-widget-container\">\n\t\t\t\t\t\t\t\t\t<p>Din <strong>onlinebiljett<\/strong> till b\u00e4sta pris och undvik k\u00f6er<\/p>\t\t\t\t\t\t\t\t<\/div>\n\t\t\t\t<\/div>\n\t\t\t\t<div class=\"elementor-element elementor-element-16f766b elementor-widget elementor-widget-button\" data-id=\"16f766b\" data-element_type=\"widget\" data-e-type=\"widget\" data-widget_type=\"button.default\">\n\t\t\t\t<div class=\"elementor-widget-container\">\n\t\t\t\t\t\t\t\t\t<div class=\"elementor-button-wrapper\">\n\t\t\t\t\t<a class=\"elementor-button elementor-button-link elementor-size-sm\" href=\"https:\/\/entradas.cuevadenerja.es\/\" target=\"_blank\">\n\t\t\t\t\t\t<span class=\"elementor-button-content-wrapper\">\n\t\t\t\t\t\t<span class=\"elementor-button-icon\">\n\t\t\t\t<svg aria-hidden=\"true\" class=\"e-font-icon-svg e-fas-ticket-alt\" viewBox=\"0 0 576 512\" xmlns=\"http:\/\/www.w3.org\/2000\/svg\"><path d=\"M128 160h320v192H128V160zm400 96c0 26.51 21.49 48 48 48v96c0 26.51-21.49 48-48 48H48c-26.51 0-48-21.49-48-48v-96c26.51 0 48-21.49 48-48s-21.49-48-48-48v-96c0-26.51 21.49-48 48-48h480c26.51 0 48 21.49 48 48v96c-26.51 0-48 21.49-48 48zm-48-104c0-13.255-10.745-24-24-24H120c-13.255 0-24 10.745-24 24v208c0 13.255 10.745 24 24 24h336c13.255 0 24-10.745 24-24V152z\"><\/path><\/svg>\t\t\t<\/span>\n\t\t\t\t\t\t\t\t\t<span class=\"elementor-button-text\">K\u00f6p biljetter<\/span>\n\t\t\t\t\t<\/span>\n\t\t\t\t\t<\/a>\n\t\t\t\t<\/div>\n\t\t\t\t\t\t\t\t<\/div>\n\t\t\t\t<\/div>\n\t\t\t\t\t<\/div>\n\t\t\t\t<\/div>\n\t\t<div data-dce-background-overlay-image-url=\"https:\/\/cuevadenerja.es\/wp-content\/uploads\/2023\/07\/politica-de-privacidad.jpg\" class=\"elementor-element elementor-element-e528692 e-flex e-con-boxed e-con e-parent\" data-id=\"e528692\" data-element_type=\"container\" data-e-type=\"container\" data-settings=\"{&quot;background_background&quot;:&quot;classic&quot;}\">\n\t\t\t\t\t<div class=\"e-con-inner\">\n\t\t<div class=\"elementor-element elementor-element-aad2f54 e-con-full e-flex e-con e-child\" data-id=\"aad2f54\" data-element_type=\"container\" data-e-type=\"container\">\n\t\t\t\t<div class=\"elementor-element elementor-element-a6f667d elementor-widget elementor-widget-text-editor\" data-id=\"a6f667d\" data-element_type=\"widget\" data-e-type=\"widget\" data-widget_type=\"text-editor.default\">\n\t\t\t\t<div class=\"elementor-widget-container\">\n\t\t\t\t\t\t\t\t\t<p>Dataskydd<\/p>\t\t\t\t\t\t\t\t<\/div>\n\t\t\t\t<\/div>\n\t\t\t\t<div class=\"elementor-element elementor-element-d4fb3fb elementor-widget elementor-widget-heading\" data-id=\"d4fb3fb\" data-element_type=\"widget\" data-e-type=\"widget\" data-widget_type=\"heading.default\">\n\t\t\t\t<div class=\"elementor-widget-container\">\n\t\t\t\t\t<h1 class=\"elementor-heading-title elementor-size-default\">Integritetspolicy<\/h1>\t\t\t\t<\/div>\n\t\t\t\t<\/div>\n\t\t\t\t<div class=\"elementor-element elementor-element-9f2a25d elementor-widget elementor-widget-text-editor\" data-id=\"9f2a25d\" data-element_type=\"widget\" data-e-type=\"widget\" data-widget_type=\"text-editor.default\">\n\t\t\t\t<div class=\"elementor-widget-container\">\n\t\t\t\t\t\t\t\t\t<div class=\"flex-1 overflow-hidden\"><div class=\"react-scroll-to-bottom--css-tpcxn-79elbk h-full\"><div class=\"react-scroll-to-bottom--css-tpcxn-1n7m0yu\"><div class=\"flex flex-col text-sm pb-9\"><div class=\"w-full text-token-text-primary\" data-testid=\"conversation-turn-21\"><div class=\"px-4 py-2 justify-center text-base md:gap-6 m-auto\"><div class=\"flex flex-1 text-base mx-auto gap-3 md:px-5 lg:px-1 xl:px-5 md:max-w-3xl lg:max-w-[40rem] xl:max-w-[48rem] group final-completion\"><div class=\"relative flex w-full flex-col agent-turn\"><div class=\"flex-col gap-1 md:gap-3\"><div class=\"flex flex-grow flex-col max-w-full\"><div class=\"min-h-[20px] text-message flex flex-col items-start gap-3 whitespace-pre-wrap break-words [.text-message+&amp;]:mt-5 overflow-x-auto\" data-message-author-role=\"assistant\" data-message-id=\"2526f39e-3db1-477d-b3ec-a2da65632b4b\"><div class=\"markdown prose w-full break-words dark:prose-invert light\"><p>\u00a1Din integritet \u00e4r v\u00e5r prioritet! P\u00e5 Cueva de Nerja tar vi skyddet av dina personuppgifter p\u00e5 allvar. V\u00e5r Integritetspolicy s\u00e4kerst\u00e4ller konfidentialitet och ansvarsfull anv\u00e4ndning av den information du tillhandah\u00e5ller oss. Vi finns h\u00e4r f\u00f6r att svara p\u00e5 eventuella fr\u00e5gor du kan ha om detta. Ditt f\u00f6rtroende \u00e4r viktigt f\u00f6r oss.<\/p><\/div><\/div><\/div><\/div><\/div><\/div><\/div><\/div><\/div><\/div><\/div><\/div>\t\t\t\t\t\t\t\t<\/div>\n\t\t\t\t<\/div>\n\t\t\t\t<\/div>\n\t\t\t\t\t<\/div>\n\t\t\t\t<\/div>\n\t\t<div class=\"elementor-element elementor-element-7ae6f6f e-flex e-con-boxed e-con e-parent\" data-id=\"7ae6f6f\" data-element_type=\"container\" data-e-type=\"container\" data-settings=\"{&quot;background_background&quot;:&quot;classic&quot;}\">\n\t\t\t\t\t<div class=\"e-con-inner\">\n\t\t<div class=\"elementor-element elementor-element-e16d300 e-con-full e-flex e-con e-child\" data-id=\"e16d300\" data-element_type=\"container\" data-e-type=\"container\">\n\t\t\t\t<div class=\"elementor-element elementor-element-b9178a4 elementor-widget elementor-widget-text-editor\" data-id=\"b9178a4\" data-element_type=\"widget\" data-e-type=\"widget\" data-widget_type=\"text-editor.default\">\n\t\t\t\t<div class=\"elementor-widget-container\">\n\t\t\t\t\t\t\t\t\t<strong>1. Ansvarig f\u00f6r dataskyddsbehandling:<\/strong>\n\nStiftelsen f\u00f6r offentliga tj\u00e4nster vid Cueva de Nerja, med CIF G29162278 och adress p\u00e5 Paseo de Sancha, 64, 29017 M\u00e1laga, \u00e4r ansvarig f\u00f6r behandlingen av de tillhandah\u00e5llna datan. Vi informerar att dessa data kommer att behandlas i enlighet med Europaparlamentets och r\u00e5dets f\u00f6rordning (EU) 2016\/679 av den 27 april 2016 om skydd f\u00f6r fysiska personer med avseende p\u00e5 behandling av personuppgifter och om det fria fl\u00f6det av s\u00e5dana uppgifter samt med den organiska lagen 3\/2018, av den 5 december, om skydd f\u00f6r personuppgifter och garanti f\u00f6r digitala r\u00e4ttigheter.\n\n<strong>2. Laglig grund f\u00f6r behandling av data:<\/strong>\n\nDen r\u00e4ttsliga grunden f\u00f6r behandlingen av dina data \u00e4r <strong>anv\u00e4ndarens samtycke<\/strong>. Genom att markera motsvarande ruta godk\u00e4nner anv\u00e4ndarna uttryckligen och fritt att deras data \u00e4r n\u00f6dv\u00e4ndiga f\u00f6r att tillgodose deras beg\u00e4ran fr\u00e5n leverant\u00f6ren. Anv\u00e4ndaren garanterar att de personuppgifter som l\u00e4mnas \u00e4r sanna och ansvarar f\u00f6r att meddela eventuella \u00e4ndringar av dem.\n\nAlla data som beg\u00e4rs via webbtj\u00e4nsten \u00e4r obligatoriska eftersom de \u00e4r n\u00f6dv\u00e4ndiga f\u00f6r tillhandah\u00e5llandet av tj\u00e4nsten. Om inte alla data tillhandah\u00e5lls garanteras inte att den information och tj\u00e4nst som leverant\u00f6ren tillhandah\u00e5ller \u00e4r fullst\u00e4ndigt anpassade till anv\u00e4ndarnas behov.\n\nDen r\u00e4ttsliga grunden f\u00f6r behandlingen av data enligt EU-f\u00f6rordning 2016\/679 av Europaparlamentet och r\u00e5det \u00e4r f\u00f6ljande:\n\n<ol>\n \t<li>Art. 6.1 a) den registrerade har gett sitt samtycke till behandlingen av sina personuppgifter f\u00f6r ett eller flera specifika \u00e4ndam\u00e5l;<\/li>\n \t<li>Art. 6.1 b) behandlingen \u00e4r n\u00f6dv\u00e4ndig f\u00f6r utf\u00f6randet av ett avtal som den registrerade \u00e4r en part i eller f\u00f6r att vidta \u00e5tg\u00e4rder p\u00e5 den registrerades beg\u00e4ran innan avtalet ing\u00e5s;<\/li>\n \t<li>Art. 6.1 c) behandlingen \u00e4r n\u00f6dv\u00e4ndig f\u00f6r att uppfylla en r\u00e4ttslig skyldighet som behandlingsansvarig \u00e4r f\u00f6rem\u00e5l f\u00f6r.<\/li>\n<\/ol>\n<strong>3. Syftet med behandlingen:<\/strong>\nSyftet \u00e4r att uppr\u00e4tth\u00e5lla en aff\u00e4rsrelation med anv\u00e4ndaren av f\u00f6retagets webbplatser, appar och andra elektroniska eller digitala plattformar. F\u00f6r att utf\u00f6ra behandlingen \u00e4r de f\u00f6reslagna \u00e5tg\u00e4rderna:\n\n<ol>\n \t<li>Behandla best\u00e4llningar, f\u00f6rfr\u00e5gningar eller n\u00e5gon form av f\u00f6rfr\u00e5gan som anv\u00e4ndaren g\u00f6r via n\u00e5gon av kontaktformerna som finns tillg\u00e4ngliga.<\/li>\n \t<li>Skicka reklamkommunikation relaterad till v\u00e5ra produkter och tj\u00e4nster via elektroniska eller fysiska medier, nuvarande eller framtida, som m\u00f6jligg\u00f6r reklamkommunikation n\u00e4r anv\u00e4ndaren har gett sitt samtycke till detta.<\/li>\n \t<li>Om du tillhandah\u00e5ller dina CV-uppgifter eller skickar ditt CV anv\u00e4nder vi dina uppgifter f\u00f6r att hantera kontakten och urvalsprocesserna som vi genomf\u00f6r.<\/li>\n<\/ol>\n<strong>4. Datans lagringstid:<\/strong>\nDe kommer att beh\u00e5llas s\u00e5 l\u00e4nge det finns ett \u00f6msesidigt intresse av att beh\u00e5lla \u00e4ndam\u00e5let med behandlingen. N\u00e4r de inte l\u00e4ngre beh\u00f6vs f\u00f6r detta \u00e4ndam\u00e5l kommer de att tas bort med l\u00e4mpliga s\u00e4kerhets\u00e5tg\u00e4rder f\u00f6r att s\u00e4kerst\u00e4lla deras fullst\u00e4ndiga f\u00f6rst\u00f6ring. Personuppgifter som tillhandah\u00e5lls av den registrerade kommer att beh\u00e5llas \u00e4ven om den registrerade beg\u00e4r deras radering, och de kommer endast att behandlas f\u00f6r att uppfylla r\u00e4ttsliga skyldigheter och\/eller f\u00f6r att g\u00f6ra anspr\u00e5k.\n\n<strong>5. Dina r\u00e4ttigheter n\u00e4r du l\u00e4mnar oss dina data:<\/strong>\n\nAnv\u00e4ndaren har f\u00f6ljande r\u00e4ttigheter:\n\n<ol>\n \t<li><strong>R\u00e4tt till tillg\u00e5ng<\/strong>, enligt artikel 15 i GDPR.<\/li>\n \t<li><strong>R\u00e4tt till r\u00e4ttelse<\/strong>, enligt artikel 16 i GDPR.<\/li>\n \t<li><strong>R\u00e4tt till radering (r\u00e4tt att bli gl\u00f6md)<\/strong>, enligt artikel 17 i GDPR.<\/li>\n \t<li><strong>R\u00e4tt till begr\u00e4nsning av behandlingen<\/strong>, enligt artikel 18 i GDPR.<\/li>\n \t<li><strong>R\u00e4tt till dataportabilitet<\/strong>, enligt artikel 20 i GDPR.<\/li>\n \t<li><strong>R\u00e4tt till inv\u00e4ndning<\/strong>, enligt artikel 21 i GDPR.<\/li>\n<\/ol>\nDessa r\u00e4ttigheter ger dig m\u00f6jlighet att:\n<ul>\n \t<li>Veta om vi behandlar dina data eller inte.<\/li>\n \t<li>F\u00e5 tillg\u00e5ng till dina personuppg ifter som vi har tillg\u00e5ng till.\n<li>R\u00e4tta till dina uppgifter om de \u00e4r felaktiga.<\/li>\n<li>Beg\u00e4ra radering av dina uppgifter eller dra tillbaka det l\u00e4mnade samtycket.<\/li>\n<li>Beg\u00e4ra begr\u00e4nsning av behandlingen av dina uppgifter, i vilket fall de bara kommer att bevaras enligt g\u00e4llande lagstiftning.<\/li>\n<li>F\u00e5 dina uppgifter i ett strukturerat, allm\u00e4nt anv\u00e4ndbart format. Vi kan ocks\u00e5 skicka dem till den nya ansvariga som du anger. Denna r\u00e4tt g\u00e4ller endast i vissa fall.<\/li>\n\n<\/ul>\nDu har ocks\u00e5 r\u00e4tt att l\u00e4mna in ett klagom\u00e5l till tillsynsmyndigheten (<a href=\"http:\/\/www.aepd.es\/\" target=\"_new\" rel=\"noopener\">www.aepd.es<\/a>) om du anser att behandlingen inte \u00f6verensst\u00e4mmer med g\u00e4llande lagstiftning.\nF\u00f6r att ut\u00f6va dina r\u00e4ttigheter m\u00e5ste du skicka en kopia av ditt ID eller pass till:\n\nStiftelsen f\u00f6r offentliga tj\u00e4nster vid Cueva de Nerja CIF G29162278 Paseo de Sancha, 64 29017 M\u00e1laga E-post: <a href=\"mailto:admon@cuevadenerja.es\" target=\"_new\">admon@cuevadenerja.es<\/a>\n\n<strong>6. Vilka mottagare kommer dina uppgifter att delas med:<\/strong>\n\nF\u00f6retaget informerar och garanterar uttryckligen anv\u00e4ndarna att deras personuppgifter inte kommer att \u00f6verf\u00f6ras i n\u00e5got fall till tredje part, utom i de fall d\u00e4r det finns en laglig skyldighet eller det \u00e4r n\u00f6dv\u00e4ndigt f\u00f6r att utveckla och utf\u00f6ra behandlings\u00e4ndam\u00e5len.\n\nUppgifter som tillhandah\u00e5lls till v\u00e5ra tj\u00e4nsteleverant\u00f6rer (bokf\u00f6ringsbyr\u00e5er, etc.) g\u00f6rs under kontrakt med behandlingsansvarig enligt g\u00e4llande dataskyddslagstiftning. Om n\u00e5gon typ av \u00f6verf\u00f6ring av personuppgifter g\u00f6rs kommer anv\u00e4ndarnas uttryckliga, informerade och entydiga samtycke att inh\u00e4mtas i f\u00f6rv\u00e4g.\n\n<strong>7. Minder\u00e5riga:<\/strong>\n\nOm du \u00e4r en anv\u00e4ndare under 18 \u00e5r m\u00e5ste du ha f\u00f6r\u00e4ldrarnas eller v\u00e5rdnadshavarens samtycke innan du l\u00e4mnar dina personuppgifter p\u00e5 v\u00e5r webbplats. F\u00f6retaget befrias fr\u00e5n allt ansvar f\u00f6r att denna krav inte uppfylls.\n\n<strong>8. S\u00e4kerhets\u00e5tg\u00e4rder:<\/strong>\n\nI enlighet med de g\u00e4llande best\u00e4mmelserna om skydd av personuppgifter uppfyller leverant\u00f6ren alla best\u00e4mmelser och principer som fastst\u00e4lls i artikel 5 i GDPR. Det garanteras att l\u00e4mpliga tekniska och organisatoriska politiker har implementerats f\u00f6r att till\u00e4mpa de s\u00e4kerhets\u00e5tg\u00e4rder som fastst\u00e4lls i GDPR och LOPDGDD, med syftet att skydda anv\u00e4ndarnas r\u00e4ttigheter och friheter. Dessutom har anv\u00e4ndarna tillhandah\u00e5llits l\u00e4mplig information s\u00e5 att de kan ut\u00f6va sina r\u00e4ttigheter.\n\n<strong>9. Internationella data\u00f6verf\u00f6ringar:<\/strong>\n\nDe data vi samlar in lagras inom det Europeiska ekonomiska samarbetsomr\u00e5det. Om det \u00e4r m\u00f6jligt att \u00f6verf\u00f6ra och behandla dem i ett land utanf\u00f6r det Europeiska ekonomiska samarbetsomr\u00e5det garanterar vi en l\u00e4mplig skyddsniv\u00e5 f\u00f6r personuppgifterna.\n\nSammanfattningsvis \u00e5tar vi oss att garantera integriteten och skyddet av dina personuppgifter i enlighet med g\u00e4llande lagstiftning vid Stiftelsen f\u00f6r offentliga tj\u00e4nster vid Cueva de Nerja. Om du har n\u00e5gra fr\u00e5gor eller funderingar om v\u00e5r integritetspolicy, tveka inte att kontakta oss via de angivna kontaktuppgifterna.\n\nTack f\u00f6r att du litar p\u00e5 oss!\t\t\t\t\t\t\t\t<\/div>\n\t\t\t\t<\/div>\n\t\t\t\t<\/div>\n\t\t\t\t\t<\/div>\n\t\t\t\t<\/div>\n\t\t\t\t<\/div>\n\t\t","protected":false},"excerpt":{"rendered":"<p>Din onlinebiljett till b\u00e4sta pris och undvik k\u00f6er K\u00f6p biljetter Dataskydd Integritetspolicy \u00a1Din integritet \u00e4r v\u00e5r prioritet! P\u00e5 Cueva de Nerja tar vi skyddet av dina personuppgifter p\u00e5 allvar. V\u00e5r Integritetspolicy s\u00e4kerst\u00e4ller konfidentialitet och ansvarsfull anv\u00e4ndning av den information du tillhandah\u00e5ller oss. Vi finns h\u00e4r f\u00f6r att svara p\u00e5 eventuella fr\u00e5gor du kan ha om [&hellip;]<\/p>\n","protected":false},"author":1,"featured_media":0,"parent":0,"menu_order":0,"comment_status":"closed","ping_status":"closed","template":"","meta":{"inline_featured_image":false,"site-sidebar-layout":"no-sidebar","site-content-layout":"page-builder","ast-site-content-layout":"full-width-container","site-content-style":"unboxed","site-sidebar-style":"unboxed","ast-global-header-display":"","ast-banner-title-visibility":"","ast-main-header-display":"","ast-hfb-above-header-display":"","ast-hfb-below-header-display":"","ast-hfb-mobile-header-display":"","site-post-title":"disabled","ast-breadcrumbs-content":"","ast-featured-img":"disabled","footer-sml-layout":"","ast-disable-related-posts":"","theme-transparent-header-meta":"default","adv-header-id-meta":"","stick-header-meta":"default","header-above-stick-meta":"","header-main-stick-meta":"","header-below-stick-meta":"","astra-migrate-meta-layouts":"set","ast-page-background-enabled":"default","ast-page-background-meta":{"desktop":{"background-color":"var(--ast-global-color-4)","background-image":"","background-repeat":"repeat","background-position":"center center","background-size":"auto","background-attachment":"scroll","background-type":"","background-media":"","overlay-type":"","overlay-color":"","overlay-opacity":"","overlay-gradient":""},"tablet":{"background-color":"","background-image":"","background-repeat":"repeat","background-position":"center center","background-size":"auto","background-attachment":"scroll","background-type":"","background-media":"","overlay-type":"","overlay-color":"","overlay-opacity":"","overlay-gradient":""},"mobile":{"background-color":"","background-image":"","background-repeat":"repeat","background-position":"center center","background-size":"auto","background-attachment":"scroll","background-type":"","background-media":"","overlay-type":"","overlay-color":"","overlay-opacity":"","overlay-gradient":""}},"ast-content-background-meta":{"desktop":{"background-color":"var(--ast-global-color-5)","background-image":"","background-repeat":"repeat","background-position":"center center","background-size":"auto","background-attachment":"scroll","background-type":"","background-media":"","overlay-type":"","overlay-color":"","overlay-opacity":"","overlay-gradient":""},"tablet":{"background-color":"var(--ast-global-color-5)","background-image":"","background-repeat":"repeat","background-position":"center center","background-size":"auto","background-attachment":"scroll","background-type":"","background-media":"","overlay-type":"","overlay-color":"","overlay-opacity":"","overlay-gradient":""},"mobile":{"background-color":"var(--ast-global-color-5)","background-image":"","background-repeat":"repeat","background-position":"center center","background-size":"auto","background-attachment":"scroll","background-type":"","background-media":"","overlay-type":"","overlay-color":"","overlay-opacity":"","overlay-gradient":""}},"footnotes":""},"class_list":["post-19788","page","type-page","status-publish","hentry"],"_links":{"self":[{"href":"https:\/\/cuevadenerja.es\/sv\/wp-json\/wp\/v2\/pages\/19788","targetHints":{"allow":["GET"]}}],"collection":[{"href":"https:\/\/cuevadenerja.es\/sv\/wp-json\/wp\/v2\/pages"}],"about":[{"href":"https:\/\/cuevadenerja.es\/sv\/wp-json\/wp\/v2\/types\/page"}],"author":[{"embeddable":true,"href":"https:\/\/cuevadenerja.es\/sv\/wp-json\/wp\/v2\/users\/1"}],"replies":[{"embeddable":true,"href":"https:\/\/cuevadenerja.es\/sv\/wp-json\/wp\/v2\/comments?post=19788"}],"version-history":[{"count":0,"href":"https:\/\/cuevadenerja.es\/sv\/wp-json\/wp\/v2\/pages\/19788\/revisions"}],"wp:attachment":[{"href":"https:\/\/cuevadenerja.es\/sv\/wp-json\/wp\/v2\/media?parent=19788"}],"curies":[{"name":"wp","href":"https:\/\/api.w.org\/{rel}","templated":true}]}}