{"id":19716,"date":"2023-10-23T14:31:09","date_gmt":"2023-10-23T12:31:09","guid":{"rendered":"https:\/\/cuevadenerja.es\/?page_id=19716"},"modified":"2024-03-19T14:50:08","modified_gmt":"2024-03-19T13:50:08","slug":"vad-ar-det","status":"publish","type":"page","link":"https:\/\/cuevadenerja.es\/sv\/vad-ar-det\/","title":{"rendered":"Vad \u00e4r det"},"content":{"rendered":"\t\t<div data-elementor-type=\"wp-page\" data-elementor-id=\"19716\" class=\"elementor elementor-19716 elementor-12488\" data-elementor-post-type=\"page\">\n\t\t\t\t<div class=\"elementor-element elementor-element-34c0db4 e-flex e-con-boxed e-con e-parent\" data-id=\"34c0db4\" data-element_type=\"container\" data-e-type=\"container\" data-settings=\"{&quot;background_background&quot;:&quot;classic&quot;}\">\n\t\t\t\t\t<div class=\"e-con-inner\">\n\t\t\t\t<div class=\"elementor-element elementor-element-6ed3e26 elementor-widget elementor-widget-text-editor\" data-id=\"6ed3e26\" data-element_type=\"widget\" data-e-type=\"widget\" data-widget_type=\"text-editor.default\">\n\t\t\t\t<div class=\"elementor-widget-container\">\n\t\t\t\t\t\t\t\t\t<p>Din <strong>onlinebiljett<\/strong> till b\u00e4sta pris och undvik k\u00f6er<\/p>\t\t\t\t\t\t\t\t<\/div>\n\t\t\t\t<\/div>\n\t\t\t\t<div class=\"elementor-element elementor-element-a832e7e elementor-widget elementor-widget-button\" data-id=\"a832e7e\" data-element_type=\"widget\" data-e-type=\"widget\" data-widget_type=\"button.default\">\n\t\t\t\t<div class=\"elementor-widget-container\">\n\t\t\t\t\t\t\t\t\t<div class=\"elementor-button-wrapper\">\n\t\t\t\t\t<a class=\"elementor-button elementor-button-link elementor-size-sm\" href=\"https:\/\/entradas.cuevadenerja.es\/\" target=\"_blank\">\n\t\t\t\t\t\t<span class=\"elementor-button-content-wrapper\">\n\t\t\t\t\t\t<span class=\"elementor-button-icon\">\n\t\t\t\t<svg aria-hidden=\"true\" class=\"e-font-icon-svg e-fas-ticket-alt\" viewBox=\"0 0 576 512\" xmlns=\"http:\/\/www.w3.org\/2000\/svg\"><path d=\"M128 160h320v192H128V160zm400 96c0 26.51 21.49 48 48 48v96c0 26.51-21.49 48-48 48H48c-26.51 0-48-21.49-48-48v-96c26.51 0 48-21.49 48-48s-21.49-48-48-48v-96c0-26.51 21.49-48 48-48h480c26.51 0 48 21.49 48 48v96c-26.51 0-48 21.49-48 48zm-48-104c0-13.255-10.745-24-24-24H120c-13.255 0-24 10.745-24 24v208c0 13.255 10.745 24 24 24h336c13.255 0 24-10.745 24-24V152z\"><\/path><\/svg>\t\t\t<\/span>\n\t\t\t\t\t\t\t\t\t<span class=\"elementor-button-text\">K\u00f6p biljetter<\/span>\n\t\t\t\t\t<\/span>\n\t\t\t\t\t<\/a>\n\t\t\t\t<\/div>\n\t\t\t\t\t\t\t\t<\/div>\n\t\t\t\t<\/div>\n\t\t\t\t\t<\/div>\n\t\t\t\t<\/div>\n\t\t<div data-dce-background-overlay-image-url=\"https:\/\/cuevadenerja.es\/wp-content\/uploads\/2023\/06\/Conservar-la-cueva.jpg\" class=\"elementor-element elementor-element-14189fc e-flex e-con-boxed e-con e-parent\" data-id=\"14189fc\" data-element_type=\"container\" data-e-type=\"container\" data-settings=\"{&quot;background_background&quot;:&quot;classic&quot;}\">\n\t\t\t\t\t<div class=\"e-con-inner\">\n\t\t<div class=\"elementor-element elementor-element-e008c73 e-con-full e-flex e-con e-child\" data-id=\"e008c73\" data-element_type=\"container\" data-e-type=\"container\">\n\t\t\t\t<div class=\"elementor-element elementor-element-f295300 elementor-widget elementor-widget-text-editor\" data-id=\"f295300\" data-element_type=\"widget\" data-e-type=\"widget\" data-widget_type=\"text-editor.default\">\n\t\t\t\t<div class=\"elementor-widget-container\">\n\t\t\t\t\t\t\t\t\t<p>Stiftelse<\/p>\t\t\t\t\t\t\t\t<\/div>\n\t\t\t\t<\/div>\n\t\t\t\t<div class=\"elementor-element elementor-element-3e8d005 elementor-widget elementor-widget-heading\" data-id=\"3e8d005\" data-element_type=\"widget\" data-e-type=\"widget\" data-widget_type=\"heading.default\">\n\t\t\t\t<div class=\"elementor-widget-container\">\n\t\t\t\t\t<h1 class=\"elementor-heading-title elementor-size-default\">OFFENTLIGA TJ\u00c4NSTESTIFTELSEN CUEVA DE NERJA<\/h1>\t\t\t\t<\/div>\n\t\t\t\t<\/div>\n\t\t\t\t<div class=\"elementor-element elementor-element-5a244f2 elementor-widget elementor-widget-text-editor\" data-id=\"5a244f2\" data-element_type=\"widget\" data-e-type=\"widget\" data-widget_type=\"text-editor.default\">\n\t\t\t\t<div class=\"elementor-widget-container\">\n\t\t\t\t\t\t\t\t\t<p>Under namnet &#8221;Offentliga Tj\u00e4nstestiftelsen Cueva de Nerja&#8221; bildades en organisation med stiftelsens natur, ideell, vars tillg\u00e5ngar \u00e4r permanent avsedda f\u00f6r att uppn\u00e5 de allm\u00e4nintresse m\u00e5l som \u00e4r specifika f\u00f6r institutionen.<\/p>\t\t\t\t\t\t\t\t<\/div>\n\t\t\t\t<\/div>\n\t\t\t\t<\/div>\n\t\t\t\t\t<\/div>\n\t\t\t\t<\/div>\n\t\t<div class=\"elementor-element elementor-element-f82c668 e-con-full e-flex e-con e-parent\" data-id=\"f82c668\" data-element_type=\"container\" data-e-type=\"container\" data-settings=\"{&quot;background_background&quot;:&quot;classic&quot;}\">\n\t\t<div class=\"elementor-element elementor-element-f4e038a e-con-full e-flex e-con e-child\" data-id=\"f4e038a\" data-element_type=\"container\" data-e-type=\"container\" data-settings=\"{&quot;background_background&quot;:&quot;classic&quot;}\">\n\t\t\t\t<div class=\"elementor-element elementor-element-d72eddb elementor-widget elementor-widget-heading\" data-id=\"d72eddb\" data-element_type=\"widget\" data-e-type=\"widget\" data-widget_type=\"heading.default\">\n\t\t\t\t<div class=\"elementor-widget-container\">\n\t\t\t\t\t<h2 class=\"elementor-heading-title elementor-size-default\">Stiftelsen Cueva de Nerja  Stiftelsen Cueva de Nerja  Stiftelsen Cueva de Nerja  Stiftelsen Cueva de Nerja  Stiftelsen Cueva de Nerja  Stiftelsen Cueva de Nerja  Stiftelsen Cueva de Nerja  Stiftelsen Cueva de Nerja  Stiftelsen Cueva de Nerja  Stiftelsen Cueva de Nerja  Stiftelsen Cueva de Nerja  Stiftelsen Cueva de Nerja  Stiftelsen Cueva de Nerja  Stiftelsen Cueva de Nerja  Stiftelsen Cueva de Nerja  Stiftelsen Cueva de Nerja  Stiftelsen Cueva de Nerja  Stiftelsen Cueva de Nerja  Stiftelsen Cueva de Nerja  Stiftelsen Cueva de Nerja  Stiftelsen Cueva de Nerja  Stiftelsen Cueva de Nerja  Stiftelsen Cueva de Nerja  Stiftelsen Cueva de Nerja  Stiftelsen Cueva de Nerja  Stiftelsen Cueva de Nerja  Stiftelsen Cueva de Nerja  Stiftelsen Cueva de Nerja  Stiftelsen Cueva de Nerja  Stiftelsen Cueva de Nerja  Stiftelsen Cueva de Nerja  Stiftelsen Cueva de Nerja  Stiftelsen Cueva de Nerja  Stiftelsen Cueva de Nerja  Stiftelsen Cueva de Nerja  Stiftelsen Cueva de Nerja  Stiftelsen Cueva de Nerja  Stiftelsen Cueva de Nerja  Stiftelsen Cueva de Nerja  Stiftelsen Cueva de Nerja  Stiftelsen Cueva de Nerja  Stiftelsen Cueva de Nerja  Stiftelsen Cueva de Nerja  Stiftelsen Cueva de Nerja  Stiftelsen Cueva de Nerja  Stiftelsen Cueva de Nerja  Stiftelsen Cueva de Nerja  Stiftelsen Cueva de Nerja  Stiftelsen Cueva de Nerja  Stiftelsen Cueva de Nerja  Stiftelsen Cueva de Nerja  <\/h2>\t\t\t\t<\/div>\n\t\t\t\t<\/div>\n\t\t\t\t<\/div>\n\t\t\t\t<\/div>\n\t\t<div class=\"elementor-element elementor-element-d67151a e-flex e-con-boxed e-con e-parent\" data-id=\"d67151a\" data-element_type=\"container\" data-e-type=\"container\" data-settings=\"{&quot;background_background&quot;:&quot;classic&quot;}\">\n\t\t\t\t\t<div class=\"e-con-inner\">\n\t\t<div class=\"elementor-element elementor-element-a4561b4 e-con-full e-flex e-con e-child\" data-id=\"a4561b4\" data-element_type=\"container\" data-e-type=\"container\">\n\t\t\t\t<div class=\"elementor-element elementor-element-8d0301f elementor-widget elementor-widget-text-editor\" data-id=\"8d0301f\" data-element_type=\"widget\" data-e-type=\"widget\" data-widget_type=\"text-editor.default\">\n\t\t\t\t<div class=\"elementor-widget-container\">\n\t\t\t\t\t\t\t\t\t<h3><span style=\"color: #b7916c;\"><strong>M\u00e5l med Stiftelsen Cueva de Nerja <\/strong><\/span><\/h3>\nStiftelsen syftar till att helt och h\u00e5llet hantera, bevara och rationellt utnyttja Nerjagrottan och de tillh\u00f6rande markomr\u00e5dena, fr\u00e4mst i turistiska syften, dess geologiska studier och den arkeologiska plats som finns d\u00e4r, samt att fr\u00e4mja kulturell och social utveckling, s\u00e4rskilt i Nerjas kommun. Ut\u00f6ver den fullst\u00e4ndiga hanteringen, bevarandet och utnyttjandet av Nerjamuseet, som \u00e4gs av denna enhet.\n<h3><span style=\"color: #b7916c;\"><strong>Styrelse f\u00f6r Stiftelsen Cueva de Nerja<\/strong><\/span><\/h3>\nDe grundande institutionerna f\u00f6r den Offentliga Tj\u00e4nstestiftelsen Cueva de Nerja \u00e4r: Regeringens Underdelegation i M\u00e1laga, Nerjas kommun och Provinshuvudstaden i M\u00e1laga.\nStyrelsen \u00e4r det organ som styr, representerar och administrerar den Offentliga Tj\u00e4nstestiftelsen Cueva de Nerja.\n\nDenna styrelse best\u00e5r av 21 medlemmar, plus en sekreterare, inte en styrelsemedlem, som \u00e4r en statlig advokat, genom ett samarbetsavtal med enheten.\n\nS\u00e5ledes \u00e4r de 21 medlemmarna:\n\n<ul>\n \t<li>Regeringens Underdelegat i M\u00e1laga, som \u00e4r ordf\u00f6rande.<\/li>\n \t<li>Borgm\u00e4stare-Ordf\u00f6rande i Nerjas kommun, som innehar den f\u00f6rsta vice ordf\u00f6randeskapet.<\/li>\n \t<li>Ordf\u00f6rande f\u00f6r Provinshuvudstaden i M\u00e1laga, till vilken den andra vice ordf\u00f6randeskapet tillh\u00f6r.<\/li>\n \t<li>Regeringens Delegat f\u00f6r Junta de Andaluc\u00eda i M\u00e1laga.<\/li>\n \t<li>En representant fr\u00e5n Kulturdelegationen i M\u00e1laga f\u00f6r Junta de Andaluc\u00eda.<\/li>\n \t<li>En representant fr\u00e5n Turismdelegationen i M\u00e1laga f\u00f6r Junta de Andaluc\u00eda.<\/li>\n \t<li>Stadsr\u00e5d f\u00f6r turism i Nerjas kommun.<\/li>\n \t<li>Borgm\u00e4staren i Maro.<\/li>\n \t<li>En representant fr\u00e5n San Telmo Konstakademin.<\/li>\n \t<li>En representant fr\u00e5n M\u00e1lagas universitet.<\/li>\n \t<li>F\u00f6rvaltaren f\u00f6r Nerjagrottan.<\/li>\n \t<li>Konservatorn f\u00f6r Nerjagrottan.<\/li>\n \t<li>Revisorn.<\/li>\n \t<li>Det kommer ocks\u00e5 att tillkomma den person som innehar varje grundande institutions position &#8211; det vill s\u00e4ga Regeringens Underdelegat i M\u00e1laga, Borgm\u00e4stare-Ordf\u00f6rande i Nerjas kommun och Ordf\u00f6rande f\u00f6r Provinshuvudstaden i M\u00e1laga &#8211; att utse 2 styrelsemedlemmar som kommer att ha status som valda.<\/li>\n<\/ul>\t\t\t\t\t\t\t\t<\/div>\n\t\t\t\t<\/div>\n\t\t<div class=\"elementor-element elementor-element-404290d e-grid e-con-boxed e-con e-child\" data-id=\"404290d\" data-element_type=\"container\" data-e-type=\"container\">\n\t\t\t\t\t<div class=\"e-con-inner\">\n\t\t\t\t<div class=\"elementor-element elementor-element-467a2da elementor-widget elementor-widget-image\" data-id=\"467a2da\" data-element_type=\"widget\" data-e-type=\"widget\" data-widget_type=\"image.default\">\n\t\t\t\t<div class=\"elementor-widget-container\">\n\t\t\t\t\t\t\t\t\t\t\t\t\t\t\t<img fetchpriority=\"high\" decoding=\"async\" width=\"1024\" height=\"678\" src=\"https:\/\/cuevadenerja.es\/wp-content\/uploads\/2023\/11\/Entrada-actual-cueva-1-1024x678.jpg\" class=\"attachment-large size-large wp-image-19717\" alt=\"\" srcset=\"https:\/\/cuevadenerja.es\/wp-content\/uploads\/2023\/11\/Entrada-actual-cueva-1-1024x678.jpg 1024w, https:\/\/cuevadenerja.es\/wp-content\/uploads\/2023\/11\/Entrada-actual-cueva-1-300x199.jpg 300w, https:\/\/cuevadenerja.es\/wp-content\/uploads\/2023\/11\/Entrada-actual-cueva-1-768x509.jpg 768w, https:\/\/cuevadenerja.es\/wp-content\/uploads\/2023\/11\/Entrada-actual-cueva-1-1536x1018.jpg 1536w, https:\/\/cuevadenerja.es\/wp-content\/uploads\/2023\/11\/Entrada-actual-cueva-1.jpg 1600w\" sizes=\"(max-width: 1024px) 100vw, 1024px\" \/>\t\t\t\t\t\t\t\t\t\t\t\t\t\t\t<\/div>\n\t\t\t\t<\/div>\n\t\t\t\t<div class=\"elementor-element elementor-element-eddfa2e elementor-widget elementor-widget-image\" data-id=\"eddfa2e\" data-element_type=\"widget\" data-e-type=\"widget\" data-widget_type=\"image.default\">\n\t\t\t\t<div class=\"elementor-widget-container\">\n\t\t\t\t\t\t\t\t\t\t\t\t\t\t\t<img decoding=\"async\" width=\"1024\" height=\"678\" src=\"https:\/\/cuevadenerja.es\/wp-content\/uploads\/2023\/11\/Cueva-Nerja-1024x678.jpg\" class=\"attachment-large size-large wp-image-19718\" alt=\"\" srcset=\"https:\/\/cuevadenerja.es\/wp-content\/uploads\/2023\/11\/Cueva-Nerja-1024x678.jpg 1024w, https:\/\/cuevadenerja.es\/wp-content\/uploads\/2023\/11\/Cueva-Nerja-300x199.jpg 300w, https:\/\/cuevadenerja.es\/wp-content\/uploads\/2023\/11\/Cueva-Nerja-768x509.jpg 768w, https:\/\/cuevadenerja.es\/wp-content\/uploads\/2023\/11\/Cueva-Nerja-1536x1018.jpg 1536w, https:\/\/cuevadenerja.es\/wp-content\/uploads\/2023\/11\/Cueva-Nerja.jpg 1600w\" sizes=\"(max-width: 1024px) 100vw, 1024px\" \/>\t\t\t\t\t\t\t\t\t\t\t\t\t\t\t<\/div>\n\t\t\t\t<\/div>\n\t\t\t\t\t<\/div>\n\t\t\t\t<\/div>\n\t\t\t\t<\/div>\n\t\t\t\t\t<\/div>\n\t\t\t\t<\/div>\n\t\t\t\t<\/div>\n\t\t","protected":false},"excerpt":{"rendered":"<p>Din onlinebiljett till b\u00e4sta pris och undvik k\u00f6er K\u00f6p biljetter Stiftelse OFFENTLIGA TJ\u00c4NSTESTIFTELSEN CUEVA DE NERJA Under namnet &#8221;Offentliga Tj\u00e4nstestiftelsen Cueva de Nerja&#8221; bildades en organisation med stiftelsens natur, ideell, vars tillg\u00e5ngar \u00e4r permanent avsedda f\u00f6r att uppn\u00e5 de allm\u00e4nintresse m\u00e5l som \u00e4r specifika f\u00f6r institutionen. Stiftelsen Cueva de Nerja Stiftelsen Cueva de Nerja Stiftelsen [&hellip;]<\/p>\n","protected":false},"author":1,"featured_media":0,"parent":0,"menu_order":0,"comment_status":"closed","ping_status":"closed","template":"","meta":{"inline_featured_image":false,"site-sidebar-layout":"no-sidebar","site-content-layout":"page-builder","ast-site-content-layout":"full-width-container","site-content-style":"default","site-sidebar-style":"default","ast-global-header-display":"","ast-banner-title-visibility":"","ast-main-header-display":"","ast-hfb-above-header-display":"","ast-hfb-below-header-display":"","ast-hfb-mobile-header-display":"","site-post-title":"disabled","ast-breadcrumbs-content":"","ast-featured-img":"disabled","footer-sml-layout":"","ast-disable-related-posts":"","theme-transparent-header-meta":"default","adv-header-id-meta":"","stick-header-meta":"default","header-above-stick-meta":"","header-main-stick-meta":"","header-below-stick-meta":"","astra-migrate-meta-layouts":"set","ast-page-background-enabled":"default","ast-page-background-meta":{"desktop":{"background-color":"var(--ast-global-color-4)","background-image":"","background-repeat":"repeat","background-position":"center center","background-size":"auto","background-attachment":"scroll","background-type":"","background-media":"","overlay-type":"","overlay-color":"","overlay-opacity":"","overlay-gradient":""},"tablet":{"background-color":"","background-image":"","background-repeat":"repeat","background-position":"center center","background-size":"auto","background-attachment":"scroll","background-type":"","background-media":"","overlay-type":"","overlay-color":"","overlay-opacity":"","overlay-gradient":""},"mobile":{"background-color":"","background-image":"","background-repeat":"repeat","background-position":"center center","background-size":"auto","background-attachment":"scroll","background-type":"","background-media":"","overlay-type":"","overlay-color":"","overlay-opacity":"","overlay-gradient":""}},"ast-content-background-meta":{"desktop":{"background-color":"var(--ast-global-color-5)","background-image":"","background-repeat":"repeat","background-position":"center center","background-size":"auto","background-attachment":"scroll","background-type":"","background-media":"","overlay-type":"","overlay-color":"","overlay-opacity":"","overlay-gradient":""},"tablet":{"background-color":"var(--ast-global-color-5)","background-image":"","background-repeat":"repeat","background-position":"center center","background-size":"auto","background-attachment":"scroll","background-type":"","background-media":"","overlay-type":"","overlay-color":"","overlay-opacity":"","overlay-gradient":""},"mobile":{"background-color":"var(--ast-global-color-5)","background-image":"","background-repeat":"repeat","background-position":"center center","background-size":"auto","background-attachment":"scroll","background-type":"","background-media":"","overlay-type":"","overlay-color":"","overlay-opacity":"","overlay-gradient":""}},"footnotes":""},"class_list":["post-19716","page","type-page","status-publish","hentry"],"_links":{"self":[{"href":"https:\/\/cuevadenerja.es\/sv\/wp-json\/wp\/v2\/pages\/19716","targetHints":{"allow":["GET"]}}],"collection":[{"href":"https:\/\/cuevadenerja.es\/sv\/wp-json\/wp\/v2\/pages"}],"about":[{"href":"https:\/\/cuevadenerja.es\/sv\/wp-json\/wp\/v2\/types\/page"}],"author":[{"embeddable":true,"href":"https:\/\/cuevadenerja.es\/sv\/wp-json\/wp\/v2\/users\/1"}],"replies":[{"embeddable":true,"href":"https:\/\/cuevadenerja.es\/sv\/wp-json\/wp\/v2\/comments?post=19716"}],"version-history":[{"count":0,"href":"https:\/\/cuevadenerja.es\/sv\/wp-json\/wp\/v2\/pages\/19716\/revisions"}],"wp:attachment":[{"href":"https:\/\/cuevadenerja.es\/sv\/wp-json\/wp\/v2\/media?parent=19716"}],"curies":[{"name":"wp","href":"https:\/\/api.w.org\/{rel}","templated":true}]}}