{"id":18593,"date":"2023-06-26T12:28:00","date_gmt":"2023-06-26T10:28:00","guid":{"rendered":"https:\/\/cuevadenerja.es\/?page_id=18593"},"modified":"2024-03-08T10:24:14","modified_gmt":"2024-03-08T09:24:14","slug":"politique-de-confidentialite","status":"publish","type":"page","link":"https:\/\/cuevadenerja.es\/fr\/politique-de-confidentialite\/","title":{"rendered":"Politique de Confidentialit\u00e9"},"content":{"rendered":"\t\t<div data-elementor-type=\"wp-page\" data-elementor-id=\"18593\" class=\"elementor elementor-18593 elementor-94\" data-elementor-post-type=\"page\">\n\t\t\t\t<div class=\"elementor-element elementor-element-03c418a e-flex e-con-boxed e-con e-parent\" data-id=\"03c418a\" data-element_type=\"container\" data-e-type=\"container\" data-settings=\"{&quot;background_background&quot;:&quot;classic&quot;}\">\n\t\t\t\t\t<div class=\"e-con-inner\">\n\t\t\t\t<div class=\"elementor-element elementor-element-481d337 elementor-widget elementor-widget-text-editor\" data-id=\"481d337\" data-element_type=\"widget\" data-e-type=\"widget\" data-widget_type=\"text-editor.default\">\n\t\t\t\t<div class=\"elementor-widget-container\">\n\t\t\t\t\t\t\t\t\t<p>Votre <strong>entr\u00e9e en ligne<\/strong> au meilleur prix et \u00e9vitez les files d&rsquo;attente<\/p>\t\t\t\t\t\t\t\t<\/div>\n\t\t\t\t<\/div>\n\t\t\t\t<div class=\"elementor-element elementor-element-16f766b elementor-widget elementor-widget-button\" data-id=\"16f766b\" data-element_type=\"widget\" data-e-type=\"widget\" data-widget_type=\"button.default\">\n\t\t\t\t<div class=\"elementor-widget-container\">\n\t\t\t\t\t\t\t\t\t<div class=\"elementor-button-wrapper\">\n\t\t\t\t\t<a class=\"elementor-button elementor-button-link elementor-size-sm\" href=\"https:\/\/entradas.cuevadenerja.es\/\" target=\"_blank\">\n\t\t\t\t\t\t<span class=\"elementor-button-content-wrapper\">\n\t\t\t\t\t\t<span class=\"elementor-button-icon\">\n\t\t\t\t<svg aria-hidden=\"true\" class=\"e-font-icon-svg e-fas-ticket-alt\" viewBox=\"0 0 576 512\" xmlns=\"http:\/\/www.w3.org\/2000\/svg\"><path d=\"M128 160h320v192H128V160zm400 96c0 26.51 21.49 48 48 48v96c0 26.51-21.49 48-48 48H48c-26.51 0-48-21.49-48-48v-96c26.51 0 48-21.49 48-48s-21.49-48-48-48v-96c0-26.51 21.49-48 48-48h480c26.51 0 48 21.49 48 48v96c-26.51 0-48 21.49-48 48zm-48-104c0-13.255-10.745-24-24-24H120c-13.255 0-24 10.745-24 24v208c0 13.255 10.745 24 24 24h336c13.255 0 24-10.745 24-24V152z\"><\/path><\/svg>\t\t\t<\/span>\n\t\t\t\t\t\t\t\t\t<span class=\"elementor-button-text\">Acheter des billets<\/span>\n\t\t\t\t\t<\/span>\n\t\t\t\t\t<\/a>\n\t\t\t\t<\/div>\n\t\t\t\t\t\t\t\t<\/div>\n\t\t\t\t<\/div>\n\t\t\t\t\t<\/div>\n\t\t\t\t<\/div>\n\t\t<div data-dce-background-overlay-image-url=\"https:\/\/cuevadenerja.es\/wp-content\/uploads\/2023\/07\/politica-de-privacidad.jpg\" class=\"elementor-element elementor-element-e528692 e-flex e-con-boxed e-con e-parent\" data-id=\"e528692\" data-element_type=\"container\" data-e-type=\"container\" data-settings=\"{&quot;background_background&quot;:&quot;classic&quot;}\">\n\t\t\t\t\t<div class=\"e-con-inner\">\n\t\t<div class=\"elementor-element elementor-element-aad2f54 e-con-full e-flex e-con e-child\" data-id=\"aad2f54\" data-element_type=\"container\" data-e-type=\"container\">\n\t\t\t\t<div class=\"elementor-element elementor-element-a6f667d elementor-widget elementor-widget-text-editor\" data-id=\"a6f667d\" data-element_type=\"widget\" data-e-type=\"widget\" data-widget_type=\"text-editor.default\">\n\t\t\t\t<div class=\"elementor-widget-container\">\n\t\t\t\t\t\t\t\t\t<p>Protection des donn\u00e9es<\/p>\t\t\t\t\t\t\t\t<\/div>\n\t\t\t\t<\/div>\n\t\t\t\t<div class=\"elementor-element elementor-element-d4fb3fb elementor-widget elementor-widget-heading\" data-id=\"d4fb3fb\" data-element_type=\"widget\" data-e-type=\"widget\" data-widget_type=\"heading.default\">\n\t\t\t\t<div class=\"elementor-widget-container\">\n\t\t\t\t\t<h1 class=\"elementor-heading-title elementor-size-default\">Politique de Confidentialit\u00e9\n\n\n\n\n\n<\/h1>\t\t\t\t<\/div>\n\t\t\t\t<\/div>\n\t\t\t\t<div class=\"elementor-element elementor-element-9f2a25d elementor-widget elementor-widget-text-editor\" data-id=\"9f2a25d\" data-element_type=\"widget\" data-e-type=\"widget\" data-widget_type=\"text-editor.default\">\n\t\t\t\t<div class=\"elementor-widget-container\">\n\t\t\t\t\t\t\t\t\t<div class=\"flex-1 overflow-hidden\"><div class=\"react-scroll-to-bottom--css-dntvk-79elbk h-full\"><div class=\"react-scroll-to-bottom--css-dntvk-1n7m0yu\"><div class=\"flex flex-col text-sm pb-9\"><div class=\"w-full text-token-text-primary\" data-testid=\"conversation-turn-297\"><div class=\"px-4 py-2 justify-center text-base md:gap-6 m-auto\"><div class=\"flex flex-1 text-base mx-auto gap-3 md:px-5 lg:px-1 xl:px-5 md:max-w-3xl lg:max-w-[40rem] xl:max-w-[48rem] group final-completion\"><div class=\"relative flex w-full flex-col agent-turn\"><div class=\"flex-col gap-1 md:gap-3\"><div class=\"flex flex-grow flex-col max-w-full\"><div class=\"min-h-[20px] text-message flex flex-col items-start gap-3 whitespace-pre-wrap break-words [.text-message+&amp;]:mt-5 overflow-x-auto\" data-message-author-role=\"assistant\" data-message-id=\"fb5b41e6-48e9-43ab-95df-910fa3f105d8\"><div class=\"markdown prose w-full break-words dark:prose-invert light\"><p>Votre vie priv\u00e9e est notre priorit\u00e9 ! \u00c0 la Cueva de Nerja, nous nous engageons \u00e0 prot\u00e9ger vos donn\u00e9es personnelles. Notre Politique de Confidentialit\u00e9 assure la confidentialit\u00e9 et l&rsquo;utilisation responsable des informations que vous nous fournissez. Nous sommes \u00e0 votre disposition pour r\u00e9pondre \u00e0 toute question que vous pourriez avoir \u00e0 ce sujet. Votre confiance est importante pour nous.<\/p><\/div><\/div><\/div><\/div><\/div><\/div><\/div><\/div><\/div><\/div><\/div><\/div>\t\t\t\t\t\t\t\t<\/div>\n\t\t\t\t<\/div>\n\t\t\t\t<\/div>\n\t\t\t\t\t<\/div>\n\t\t\t\t<\/div>\n\t\t<div class=\"elementor-element elementor-element-7ae6f6f e-flex e-con-boxed e-con e-parent\" data-id=\"7ae6f6f\" data-element_type=\"container\" data-e-type=\"container\" data-settings=\"{&quot;background_background&quot;:&quot;classic&quot;}\">\n\t\t\t\t\t<div class=\"e-con-inner\">\n\t\t<div class=\"elementor-element elementor-element-e16d300 e-con-full e-flex e-con e-child\" data-id=\"e16d300\" data-element_type=\"container\" data-e-type=\"container\">\n\t\t\t\t<div class=\"elementor-element elementor-element-b9178a4 elementor-widget elementor-widget-text-editor\" data-id=\"b9178a4\" data-element_type=\"widget\" data-e-type=\"widget\" data-widget_type=\"text-editor.default\">\n\t\t\t\t<div class=\"elementor-widget-container\">\n\t\t\t\t\t\t\t\t\t<strong>1. Responsable du traitement des donn\u00e9es :<\/strong>\n\nLa Fondation Publique des Services de la Grotte de Nerja, avec le num\u00e9ro d&rsquo;identification fiscale G29162278 et domicili\u00e9e au Paseo de Sancha, 64, 29017 Malaga, est responsable du traitement des donn\u00e9es fournies. Nous vous informons que ces donn\u00e9es seront trait\u00e9es conform\u00e9ment au R\u00e8glement (UE) 2016\/679 du Parlement europ\u00e9en et du Conseil, du 27 avril 2016, relatif \u00e0 la protection des personnes physiques \u00e0 l&rsquo;\u00e9gard du traitement des donn\u00e9es \u00e0 caract\u00e8re personnel et \u00e0 la libre circulation de ces donn\u00e9es, ainsi qu&rsquo;\u00e0 la loi organique 3\/2018, du 5 d\u00e9cembre, sur la protection des donn\u00e9es personnelles et la garantie des droits num\u00e9riques.\n\n<strong>2. L\u00e9gitimation du traitement des donn\u00e9es :<\/strong>\n\nLa l\u00e9gitimation du traitement de vos donn\u00e9es est le <strong>consentement obtenu de l&rsquo;utilisateur<\/strong>. Les utilisateurs, en cochant la case correspondante, acceptent express\u00e9ment, librement et sans \u00e9quivoque que leurs donn\u00e9es sont n\u00e9cessaires pour r\u00e9pondre \u00e0 leur demande par le prestataire. L&rsquo;utilisateur garantit que les donn\u00e9es personnelles fournies sont v\u00e9ridiques et s&rsquo;engage \u00e0 communiquer toute modification les concernant.\n\nToutes les donn\u00e9es demand\u00e9es via le service web sont obligatoires, car elles sont n\u00e9cessaires \u00e0 la prestation du service. Si toutes les donn\u00e9es ne sont pas fournies, il n&rsquo;est pas garanti que les informations et le service fournis par le prestataire soient totalement adapt\u00e9s \u00e0 vos besoins.\n\nLa base juridique du traitement des donn\u00e9es dans le R\u00e8glement europ\u00e9en 2016\/679 du Parlement europ\u00e9en et du Conseil est la suivante :\n<ol>\n\u00a0\u00a0<li>Art. 6.1 a) la personne concern\u00e9e a donn\u00e9 son consentement au traitement de ses donn\u00e9es personnelles pour une ou plusieurs finalit\u00e9s sp\u00e9cifiques;<\/li>\n\u00a0\u00a0<li>Art. 6.1 b) le traitement est n\u00e9cessaire \u00e0 l&rsquo;ex\u00e9cution d&rsquo;un contrat auquel la personne concern\u00e9e est partie ou \u00e0 l&rsquo;application, \u00e0 la demande de celle-ci, de mesures pr\u00e9contractuelles;<\/li>\n\u00a0\u00a0<li>Art. 6.1 c) le traitement est n\u00e9cessaire au respect d&rsquo;une obligation l\u00e9gale \u00e0 laquelle le responsable du traitement est soumis.<\/li>\n<\/ol>\n\n<strong>3. Finalit\u00e9 du traitement :<\/strong>\n\nLa finalit\u00e9 est de maintenir une relation commerciale avec l&rsquo;utilisateur des sites web, de l&rsquo;application et de tout autre support \u00e9lectronique ou plateforme digitale de l&rsquo;entreprise. Pour effectuer le traitement, les op\u00e9rations pr\u00e9vues sont :\n<ol>\n\u00a0\u00a0<li>Traiter les commandes, demandes ou tout type de demande formul\u00e9e par l&rsquo;utilisateur via l&rsquo;un des moyens de contact mis \u00e0 sa disposition.<\/li>\n\u00a0\u00a0<li>Envoi de communications commerciales publicitaires li\u00e9es \u00e0 nos produits et services par tout moyen \u00e9lectronique ou physique, pr\u00e9sent ou futur, permettant de r\u00e9aliser des communications commerciales lorsque l&rsquo;utilisateur a donn\u00e9 son consentement \u00e0 cet effet.<\/li>\n\u00a0\u00a0<li>Dans le cas o\u00f9 vous nous fournissez vos donn\u00e9es curriculaires ou nous envoyez votre curriculum vitae, nous utiliserons vos donn\u00e9es pour la gestion du contact et des processus de s\u00e9lection que nous menons \u00e0 bien.<\/li>\n<\/ol>\n\n<strong>4. Conservation des donn\u00e9es :<\/strong>\n\nElles seront conserv\u00e9es tant qu&rsquo;il existe un int\u00e9r\u00eat mutuel \u00e0 maintenir la finalit\u00e9 du traitement. Lorsqu&rsquo;elles ne seront plus n\u00e9cessaires \u00e0 cette fin, elles seront supprim\u00e9es avec des mesures de s\u00e9curit\u00e9 appropri\u00e9es garantissant leur destruction totale. Les donn\u00e9es personnelles fournies par la partie int\u00e9ress\u00e9e seront conserv\u00e9es m\u00eame si leur suppression est demand\u00e9e par celle-ci, limitant leur traitement uniquement au respect des obligations l\u00e9gales et\/ou \u00e0 l&rsquo;exercice ou \u00e0 la d\u00e9fense des r\u00e9clamations.\n\n<strong>5. Quels sont vos droits lorsque vous nous fournissez vos donn\u00e9es :<\/strong>\n\nL&rsquo;utilisateur dispose des droits suivants :\n<ol>\n\u00a0\u00a0<li><strong>Droit d&rsquo;acc\u00e8s<\/strong>, conform\u00e9ment \u00e0 l&rsquo;article 15 du RGPD.<\/li>\n\u00a0\u00a0<li><strong>Droit de rectification<\/strong>, conform\u00e9ment \u00e0 l&rsquo;article 16 du RGPD.<\/li>\n\u00a0\u00a0<li><strong>Droit \u00e0 l&rsquo;effacement (Droit \u00e0 l&rsquo;oubli)<\/strong>, conform\u00e9ment \u00e0 l&rsquo;article 17 du RGPD.<\/li>\n\u00a0\u00a0<li><strong>Droit \u00e0 la limitation du traitement<\/strong>, conform\u00e9ment \u00e0 l&rsquo;article 18 du RGPD.<\/li>\n\u00a0\u00a0<li><strong>Droit \u00e0 la portabilit\u00e9 des donn\u00e9es<\/strong>, conform\u00e9ment \u00e0 l&rsquo;article 20 du RGPD.<\/li>\n\u00a0\u00a0<li><strong>Droit d&rsquo;opposition<\/strong>, conform\u00e9ment \u00e0 l&rsquo;article 21 du RGPD.<\/li>\n<\/ol>\n\nCes droits vous permettent :\n<ul>\n\u00a0\u00a0<li>De savoir si nous traitons vos donn\u00e9es ou non.<\/li>\n\u00a0\u00a0<li>D&rsquo;acc\u00e9der \u00e0 vos donn\u00e9es personnelles que nous d\u00e9tenons.<\/li>\n\u00a0\u00a0<li>De rectifier vos donn\u00e9es si elles sont incorrectes.<\/li>\n\u00a0\u00a0<li>De demander la suppression de vos donn\u00e9es ou de retirer le consentement accord\u00e9.<\/li>\n\u00a0\u00a0<li>De demander la limitation du traitement de vos donn\u00e9es, auquel cas elles ne seront conserv\u00e9es que conform\u00e9ment \u00e0 la l\u00e9gislation en vigueur.<\/li>\n\u00a0\u00a0<li>D&rsquo;obtenir vos donn\u00e9es dans un format structur\u00e9, d&rsquo;usage courant. Nous pouvons \u00e9galement les transf\u00e9rer au nouveau responsable que vous nous indiquerez. Ce droit n&rsquo;est valable que dans certains cas.<\/li>\n<\/ul>\n\nDe m\u00eame, vous avez le droit de d\u00e9poser une plainte aupr\u00e8s de l&rsquo;autorit\u00e9 de contr\u00f4le (<a href=\"http:\/\/www.aepd.es\/\" target=\"_new\" rel=\"noopener\">www.aepd.es<\/a>) si vous estimez que le traitement ne respecte pas la r\u00e9glementation en vigueur.\n\nPour exercer vos droits, vous devez envoyer une photocopie de votre carte d&rsquo;identit\u00e9 ou de votre passeport \u00e0 :\n\nFondation Publique des Services de la Grotte de Nerja CIF G29162278 Paseo de Sancha, 64 29017 Malaga Courrier \u00e9lectronique : <a href=\"mailto:admon@cuevadenerja.es\" target=\"_new\">admon@cuevadenerja.es<\/a>\n\n<strong>6. \u00c0 quels destinataires vos donn\u00e9es seront-elles communiqu\u00e9es :<\/strong>\n\nL&rsquo;entreprise informe et garantit express\u00e9ment aux utilisateurs que leurs donn\u00e9es personnelles ne seront en aucun cas transf\u00e9r\u00e9es \u00e0 des tiers, sauf obligation l\u00e9gale ou n\u00e9cessit\u00e9 pour le d\u00e9veloppement et l&rsquo;ex\u00e9cution des finalit\u00e9s du traitement.\n\nLes donn\u00e9es fournies \u00e0 nos prestataires de services (gestion comptable, etc.) sont r\u00e9alis\u00e9es sous la signature du contrat de sous-traitant exig\u00e9\n\n par la r\u00e9glementation en vigueur en mati\u00e8re de protection des donn\u00e9es. En cas de transfert de donn\u00e9es personnelles, le consentement expr\u00e8s, inform\u00e9 et sans \u00e9quivoque des utilisateurs sera pr\u00e9alablement demand\u00e9.\n\n<strong>7. Mineurs :<\/strong>\n\nSi vous \u00eates un utilisateur mineur, vous devez obtenir le consentement pr\u00e9alable de vos parents ou tuteurs avant de fournir vos donn\u00e9es personnelles sur notre site web. L&rsquo;entreprise d\u00e9cline toute responsabilit\u00e9 en cas de non-respect de cette exigence.\n\n<strong>8. Mesures de s\u00e9curit\u00e9 :<\/strong>\n\nConform\u00e9ment aux dispositions des r\u00e9glementations en vigueur en mati\u00e8re de protection des donn\u00e9es personnelles, le fournisseur respecte toutes les dispositions et principes \u00e9tablis \u00e0 l&rsquo;article 5 du RGPD. Il est garanti que des politiques techniques et organisationnelles appropri\u00e9es ont \u00e9t\u00e9 mises en \u0153uvre pour appliquer les mesures de s\u00e9curit\u00e9 \u00e9tablies dans le RGPD et la LOPDGDD, dans le but de prot\u00e9ger les droits et libert\u00e9s des utilisateurs. De plus, les utilisateurs ont re\u00e7u les informations appropri\u00e9es pour exercer leurs droits.\n\n<strong>9. Transferts internationaux de donn\u00e9es :<\/strong>\n\nLes donn\u00e9es que nous collectons sont stock\u00e9es dans l&rsquo;Espace \u00e9conomique europ\u00e9en. Si elles doivent \u00eatre transf\u00e9r\u00e9es et trait\u00e9es dans un pays hors de l&rsquo;Espace \u00e9conomique europ\u00e9en, nous garantissons un niveau de protection ad\u00e9quat des donn\u00e9es personnelles.\n\nEn r\u00e9sum\u00e9, \u00e0 la Fondation Publique des Services de la Grotte de Nerja, nous nous engageons \u00e0 garantir la confidentialit\u00e9 et la protection de vos donn\u00e9es personnelles conform\u00e9ment \u00e0 la l\u00e9gislation en vigueur. Si vous avez des questions ou des pr\u00e9occupations concernant notre politique de confidentialit\u00e9, n&rsquo;h\u00e9sitez pas \u00e0 nous contacter via les moyens de contact fournis.\n\nMerci de nous faire confiance !\t\t\t\t\t\t\t\t<\/div>\n\t\t\t\t<\/div>\n\t\t\t\t<\/div>\n\t\t\t\t\t<\/div>\n\t\t\t\t<\/div>\n\t\t\t\t<\/div>\n\t\t","protected":false},"excerpt":{"rendered":"<p>Votre entr\u00e9e en ligne au meilleur prix et \u00e9vitez les files d&rsquo;attente Acheter des billets Protection des donn\u00e9es Politique de Confidentialit\u00e9 Votre vie priv\u00e9e est notre priorit\u00e9 ! \u00c0 la Cueva de Nerja, nous nous engageons \u00e0 prot\u00e9ger vos donn\u00e9es personnelles. Notre Politique de Confidentialit\u00e9 assure la confidentialit\u00e9 et l&rsquo;utilisation responsable des informations que vous [&hellip;]<\/p>\n","protected":false},"author":1,"featured_media":0,"parent":0,"menu_order":0,"comment_status":"closed","ping_status":"closed","template":"","meta":{"inline_featured_image":false,"site-sidebar-layout":"no-sidebar","site-content-layout":"page-builder","ast-site-content-layout":"full-width-container","site-content-style":"unboxed","site-sidebar-style":"unboxed","ast-global-header-display":"","ast-banner-title-visibility":"","ast-main-header-display":"","ast-hfb-above-header-display":"","ast-hfb-below-header-display":"","ast-hfb-mobile-header-display":"","site-post-title":"disabled","ast-breadcrumbs-content":"","ast-featured-img":"disabled","footer-sml-layout":"","ast-disable-related-posts":"","theme-transparent-header-meta":"default","adv-header-id-meta":"","stick-header-meta":"default","header-above-stick-meta":"","header-main-stick-meta":"","header-below-stick-meta":"","astra-migrate-meta-layouts":"set","ast-page-background-enabled":"default","ast-page-background-meta":{"desktop":{"background-color":"var(--ast-global-color-4)","background-image":"","background-repeat":"repeat","background-position":"center center","background-size":"auto","background-attachment":"scroll","background-type":"","background-media":"","overlay-type":"","overlay-color":"","overlay-opacity":"","overlay-gradient":""},"tablet":{"background-color":"","background-image":"","background-repeat":"repeat","background-position":"center center","background-size":"auto","background-attachment":"scroll","background-type":"","background-media":"","overlay-type":"","overlay-color":"","overlay-opacity":"","overlay-gradient":""},"mobile":{"background-color":"","background-image":"","background-repeat":"repeat","background-position":"center center","background-size":"auto","background-attachment":"scroll","background-type":"","background-media":"","overlay-type":"","overlay-color":"","overlay-opacity":"","overlay-gradient":""}},"ast-content-background-meta":{"desktop":{"background-color":"var(--ast-global-color-5)","background-image":"","background-repeat":"repeat","background-position":"center center","background-size":"auto","background-attachment":"scroll","background-type":"","background-media":"","overlay-type":"","overlay-color":"","overlay-opacity":"","overlay-gradient":""},"tablet":{"background-color":"var(--ast-global-color-5)","background-image":"","background-repeat":"repeat","background-position":"center center","background-size":"auto","background-attachment":"scroll","background-type":"","background-media":"","overlay-type":"","overlay-color":"","overlay-opacity":"","overlay-gradient":""},"mobile":{"background-color":"var(--ast-global-color-5)","background-image":"","background-repeat":"repeat","background-position":"center center","background-size":"auto","background-attachment":"scroll","background-type":"","background-media":"","overlay-type":"","overlay-color":"","overlay-opacity":"","overlay-gradient":""}},"footnotes":""},"class_list":["post-18593","page","type-page","status-publish","hentry"],"_links":{"self":[{"href":"https:\/\/cuevadenerja.es\/fr\/wp-json\/wp\/v2\/pages\/18593","targetHints":{"allow":["GET"]}}],"collection":[{"href":"https:\/\/cuevadenerja.es\/fr\/wp-json\/wp\/v2\/pages"}],"about":[{"href":"https:\/\/cuevadenerja.es\/fr\/wp-json\/wp\/v2\/types\/page"}],"author":[{"embeddable":true,"href":"https:\/\/cuevadenerja.es\/fr\/wp-json\/wp\/v2\/users\/1"}],"replies":[{"embeddable":true,"href":"https:\/\/cuevadenerja.es\/fr\/wp-json\/wp\/v2\/comments?post=18593"}],"version-history":[{"count":0,"href":"https:\/\/cuevadenerja.es\/fr\/wp-json\/wp\/v2\/pages\/18593\/revisions"}],"wp:attachment":[{"href":"https:\/\/cuevadenerja.es\/fr\/wp-json\/wp\/v2\/media?parent=18593"}],"curies":[{"name":"wp","href":"https:\/\/api.w.org\/{rel}","templated":true}]}}